{"id":1554,"date":"2022-05-24T07:38:29","date_gmt":"2022-05-24T05:38:29","guid":{"rendered":"https:\/\/dimedia.pl\/?page_id=1554"},"modified":"2025-01-03T09:29:10","modified_gmt":"2025-01-03T08:29:10","slug":"o-nas-2","status":"publish","type":"page","link":"https:\/\/dimedia.pl\/index.php\/o-nas-2\/","title":{"rendered":"O nas"},"content":{"rendered":"<p>[et_pb_section fb_built=&#8221;1&#8243; _builder_version=&#8221;4.19.0&#8243; _module_preset=&#8221;default&#8221; background_color=&#8221;#313235&#8243; background_image=&#8221;https:\/\/dimedia.pl\/wp-content\/uploads\/2022\/11\/Dimedia-tlo-02.png&#8221; parallax=&#8221;on&#8221; min_height=&#8221;100vh&#8221; global_colors_info=&#8221;{}&#8221;][et_pb_row _builder_version=&#8221;4.17.4&#8243; _module_preset=&#8221;default&#8221; animation_style=&#8221;fade&#8221; global_colors_info=&#8221;{}&#8221;][et_pb_column type=&#8221;4_4&#8243; _builder_version=&#8221;4.17.4&#8243; _module_preset=&#8221;default&#8221; global_colors_info=&#8221;{}&#8221;][et_pb_text _builder_version=&#8221;4.17.4&#8243; _module_preset=&#8221;default&#8221; global_colors_info=&#8221;{}&#8221;]<\/p>\n<h1 style=\"text-align: center;\">Dlaczego my?<\/h1>\n<p>[\/et_pb_text][\/et_pb_column][\/et_pb_row][et_pb_row column_structure=&#8221;1_3,1_3,1_3&#8243; use_custom_gutter=&#8221;on&#8221; gutter_width=&#8221;2&#8243; make_equal=&#8221;on&#8221; _builder_version=&#8221;4.17.4&#8243; _module_preset=&#8221;default&#8221; animation_style=&#8221;fade&#8221; global_colors_info=&#8221;{}&#8221;][et_pb_column type=&#8221;1_3&#8243; _builder_version=&#8221;4.17.4&#8243; _module_preset=&#8221;default&#8221; background_color=&#8221;#00A299&#8243; custom_padding=&#8221;35px|20px|35px|20px|true|true&#8221; border_radii=&#8221;on|10px|10px|10px|10px&#8221; box_shadow_style=&#8221;preset1&#8243; global_colors_info=&#8221;{}&#8221; transform_styles__hover_enabled=&#8221;on|hover&#8221; transform_scale__hover_enabled=&#8221;on|hover&#8221; transform_translate__hover_enabled=&#8221;on|desktop&#8221; transform_rotate__hover_enabled=&#8221;on|desktop&#8221; transform_skew__hover_enabled=&#8221;on|desktop&#8221; transform_origin__hover_enabled=&#8221;on|desktop&#8221; transform_scale__hover=&#8221;105%|105%&#8221;][et_pb_icon font_icon=&#8221;&#xf06e;||fa||400&#8243; icon_color=&#8221;#FFFFFF&#8221; icon_width=&#8221;50px&#8221; _builder_version=&#8221;4.17.4&#8243; _module_preset=&#8221;default&#8221; global_colors_info=&#8221;{}&#8221;][\/et_pb_icon][et_pb_text _builder_version=&#8221;4.17.4&#8243; _module_preset=&#8221;default&#8221; background_layout=&#8221;dark&#8221; custom_padding=&#8221;|||0px||&#8221; global_colors_info=&#8221;{}&#8221;]<\/p>\n<h2 style=\"text-align: center;\">\u00a0Patrzymy Szeroko<\/h2>\n<p>[\/et_pb_text][et_pb_text _builder_version=&#8221;4.17.4&#8243; _module_preset=&#8221;default&#8221; background_layout=&#8221;dark&#8221; global_colors_info=&#8221;{}&#8221;]<\/p>\n<p style=\"text-align: center;\">\u00a0Komunikacj\u0119 postrzegamy jako wieloaspektowy, szeroki proces, realizowany na&nbsp;wielu polach (kampanie, media spo\u0142eczno\u015bciowe, programy spo\u0142eczne, eventy, dzia\u0142alno\u015b\u0107 wydawnicza, materia\u0142y reklamowe, gad\u017cety, film i&nbsp;fotografia), dlatego Dimedia to&nbsp;zesp\u00f3\u0142 ludzi o&nbsp;r\u00f3\u017cnorodnych kompetencjach \u2013 w&nbsp;marketingu nie&nbsp;ma&nbsp;dla nas ogranicze\u0144.<\/p>\n<p>[\/et_pb_text][\/et_pb_column][et_pb_column type=&#8221;1_3&#8243; _builder_version=&#8221;4.17.4&#8243; _module_preset=&#8221;default&#8221; background_color=&#8221;#00A299&#8243; custom_padding=&#8221;35px|20px|35px|20px|true|true&#8221; border_radii=&#8221;on|10px|10px|10px|10px&#8221; box_shadow_style=&#8221;preset1&#8243; global_colors_info=&#8221;{}&#8221; transform_styles__hover_enabled=&#8221;on|hover&#8221; transform_scale__hover=&#8221;105%|105%&#8221; transform_scale__hover_enabled=&#8221;on|hover&#8221; transform_translate__hover_enabled=&#8221;on|desktop&#8221; transform_rotate__hover_enabled=&#8221;on|desktop&#8221; transform_skew__hover_enabled=&#8221;on|desktop&#8221; transform_origin__hover_enabled=&#8221;on|desktop&#8221;][et_pb_icon font_icon=&#8221;&#xf05b;||fa||900&#8243; icon_color=&#8221;#FFFFFF&#8221; icon_width=&#8221;50px&#8221; _builder_version=&#8221;4.17.4&#8243; _module_preset=&#8221;default&#8221; global_colors_info=&#8221;{}&#8221;][\/et_pb_icon][et_pb_text _builder_version=&#8221;4.17.4&#8243; _module_preset=&#8221;default&#8221; background_layout=&#8221;dark&#8221; global_colors_info=&#8221;{}&#8221;]<\/p>\n<h2 style=\"text-align: center;\">\u00a0Realizujemy cele<\/h2>\n<p>[\/et_pb_text][et_pb_text _builder_version=&#8221;4.17.4&#8243; _module_preset=&#8221;default&#8221; background_layout=&#8221;dark&#8221; global_colors_info=&#8221;{}&#8221;]<\/p>\n<p style=\"text-align: center;\">\u00a0Na rynku dzia\u0142amy od&nbsp;10 lat. Mamy na&nbsp;koncie wiele trudnych zlece\u0144: zar\u00f3wno tych pojedynczych, wymagaj\u0105cych bardzo szybkiego tempa realizacji, jak i&nbsp;opartych na&nbsp;z\u0142o\u017conych, d\u0142ugotrwa\u0142ych projektach. Dzi\u0119ki po\u0142\u0105czeniu do\u015bwiadczenia i&nbsp;warto\u015bci, kt\u00f3rymi si\u0119 kierujemy, jeste\u015bmy dla naszych Klient\u00f3w odpowiedzialnym partnerem, wspieraj\u0105cym go&nbsp;w&nbsp;realizacji za\u0142o\u017conych cel\u00f3w biznesowych.<\/p>\n<p>[\/et_pb_text][\/et_pb_column][et_pb_column type=&#8221;1_3&#8243; _builder_version=&#8221;4.17.4&#8243; _module_preset=&#8221;default&#8221; background_color=&#8221;#00A299&#8243; custom_padding=&#8221;35px|20px|35px|20px|true|true&#8221; border_radii=&#8221;on|10px|10px|10px|10px&#8221; box_shadow_style=&#8221;preset1&#8243; global_colors_info=&#8221;{}&#8221; transform_styles__hover_enabled=&#8221;on|hover&#8221; transform_scale__hover=&#8221;105%|105%&#8221; transform_scale__hover_enabled=&#8221;on|hover&#8221; transform_translate__hover_enabled=&#8221;on|desktop&#8221; transform_rotate__hover_enabled=&#8221;on|desktop&#8221; transform_skew__hover_enabled=&#8221;on|desktop&#8221; transform_origin__hover_enabled=&#8221;on|desktop&#8221;][et_pb_icon font_icon=&#8221;&#xf12e;||fa||900&#8243; icon_color=&#8221;#FFFFFF&#8221; icon_width=&#8221;50px&#8221; _builder_version=&#8221;4.17.4&#8243; _module_preset=&#8221;default&#8221; global_colors_info=&#8221;{}&#8221;][\/et_pb_icon][et_pb_text _builder_version=&#8221;4.17.4&#8243; _module_preset=&#8221;default&#8221; background_layout=&#8221;dark&#8221; global_colors_info=&#8221;{}&#8221;]<\/p>\n<h2 style=\"text-align: center;\">\u00a0Tworzymy unikatowe rozwi\u0105zania<\/h2>\n<p>[\/et_pb_text][et_pb_text _builder_version=&#8221;4.17.4&#8243; _module_preset=&#8221;default&#8221; background_layout=&#8221;dark&#8221; global_colors_info=&#8221;{}&#8221;]<\/p>\n<p style=\"text-align: center;\">\u00a0Nie uznajemy sztampowego podej\u015bcia. Ka\u017cde zlecenie jest dla nas nowym wyzwaniem: analizujemy potrzeby Klienta, kontekst spo\u0142eczny, oczekiwania odbiorc\u00f3w i&nbsp;mo\u017cliwe do&nbsp;wykorzystania kana\u0142y komunikacji. Zbudowali\u015bmy sie\u0107 sprawdzonych wsp\u00f3\u0142pracownik\u00f3w i&nbsp;dostawc\u00f3w, dzi\u0119ki czemu mo\u017cemy realizowa\u0107 nawet nietypowe zlecenia i&nbsp;wspiera\u0107 dzia\u0142ania biznesowe, dobieraj\u0105c optymalne rozwi\u0105zania.<\/p>\n<p>[\/et_pb_text][\/et_pb_column][\/et_pb_row][et_pb_row _builder_version=&#8221;4.17.4&#8243; _module_preset=&#8221;default&#8221; animation_style=&#8221;fade&#8221; locked=&#8221;off&#8221; global_colors_info=&#8221;{}&#8221;][et_pb_column type=&#8221;4_4&#8243; _builder_version=&#8221;4.17.4&#8243; _module_preset=&#8221;default&#8221; global_colors_info=&#8221;{}&#8221;][et_pb_text _builder_version=&#8221;4.17.4&#8243; _module_preset=&#8221;default&#8221; background_layout=&#8221;dark&#8221; global_colors_info=&#8221;{}&#8221;]<\/p>\n<div class=\"elementor-element elementor-element-7088a9e elementor-hidden-mobile elementor-widget elementor-widget-heading animated fadeIn\" data-id=\"7088a9e\" data-element_type=\"widget\" data-settings=\"{&quot;_animation&quot;:&quot;fadeIn&quot;,&quot;_animation_delay&quot;:1200}\" data-widget_type=\"heading.default\">\n<div class=\"elementor-widget-container\">\n<h4 class=\"elementor-heading-title elementor-size-default\" style=\"text-align: center;\">Nasz zesp\u00f3\u0142<\/h4>\n<\/div>\n<\/div>\n<p>[\/et_pb_text][et_pb_icon font_icon=&#8221;&#x43;||divi||400&#8243; icon_color=&#8221;#FFFFFF&#8221; icon_width=&#8221;59px&#8221; url=&#8221;#zespol&#8221; _builder_version=&#8221;4.17.4&#8243; _module_preset=&#8221;default&#8221; animation_style=&#8221;bounce&#8221; animation_direction=&#8221;top&#8221; global_colors_info=&#8221;{}&#8221;][\/et_pb_icon][\/et_pb_column][\/et_pb_row][\/et_pb_section][et_pb_section fb_built=&#8221;1&#8243; module_id=&#8221;zespol&#8221; _builder_version=&#8221;4.17.4&#8243; _module_preset=&#8221;default&#8221; background_color=&#8221;#00A299&#8243; global_colors_info=&#8221;{}&#8221;][et_pb_row _builder_version=&#8221;4.17.4&#8243; _module_preset=&#8221;default&#8221; animation_style=&#8221;fade&#8221; global_colors_info=&#8221;{}&#8221;][et_pb_column type=&#8221;4_4&#8243; _builder_version=&#8221;4.17.4&#8243; _module_preset=&#8221;default&#8221; global_colors_info=&#8221;{}&#8221;][et_pb_text _builder_version=&#8221;4.17.4&#8243; _module_preset=&#8221;default&#8221; background_layout=&#8221;dark&#8221; global_colors_info=&#8221;{}&#8221;]<\/p>\n<h1 style=\"text-align: center;\">Nasz zesp\u00f3\u0142<\/h1>\n<p>[\/et_pb_text][\/et_pb_column][\/et_pb_row][et_pb_row column_structure=&#8221;1_3,1_3,1_3&#8243; use_custom_gutter=&#8221;on&#8221; gutter_width=&#8221;2&#8243; make_equal=&#8221;on&#8221; _builder_version=&#8221;4.27.2&#8243; _module_preset=&#8221;default&#8221; global_colors_info=&#8221;{}&#8221;][et_pb_column type=&#8221;1_3&#8243; _builder_version=&#8221;4.17.4&#8243; _module_preset=&#8221;default&#8221; custom_padding_tablet=&#8221;&#8221; custom_padding_phone=&#8221;30px||30px||true|false&#8221; custom_padding_last_edited=&#8221;on|phone&#8221; global_colors_info=&#8221;{}&#8221;][et_pb_image src=&#8221;https:\/\/dimedia.pl\/wp-content\/uploads\/2024\/10\/Dimedia_3-crop-01.jpg&#8221; title_text=&#8221;Dimedia_3-crop-01&#8243; align=&#8221;center&#8221; _builder_version=&#8221;4.27.4&#8243; _module_preset=&#8221;default&#8221; border_radii=&#8221;on|884px|884px|884px|884px&#8221; border_color_all=&#8221;#FFFFFF&#8221; global_colors_info=&#8221;{}&#8221;][\/et_pb_image][et_pb_text _builder_version=&#8221;4.17.4&#8243; _module_preset=&#8221;default&#8221; background_layout=&#8221;dark&#8221; custom_margin=&#8221;10px||10px||true|false&#8221; global_colors_info=&#8221;{}&#8221;]<\/p>\n<h3 style=\"text-align: center;\">Tomasz<br \/>Matlakiewicz<\/h3>\n<p>[\/et_pb_text][et_pb_text _builder_version=&#8221;4.27.2&#8243; _module_preset=&#8221;default&#8221; text_font_size=&#8221;12px&#8221; background_layout=&#8221;dark&#8221; global_colors_info=&#8221;{}&#8221;]<\/p>\n<p style=\"text-align: center;\"><span style=\"font-weight: 400;\">W\u00a0pracy \u0142\u0105czy do\u015bwiadczenie dziennikarskie, warsztat graficzny i\u00a0pasj\u0119 do\u00a0skutecznej komunikacji w\u00a0biznesie. Ch\u0119tnie podejmuje wsp\u00f3\u0142prace o\u00a0tematyce spo\u0142ecznej. Wieloletnia praktyka w\u00a0bran\u017cy pozwala mu\u00a0prowadzi\u0107 z\u0142o\u017cone projekty dla kluczowych klient\u00f3w<\/span>.<\/p>\n<p>[\/et_pb_text][\/et_pb_column][et_pb_column type=&#8221;1_3&#8243; _builder_version=&#8221;4.17.4&#8243; _module_preset=&#8221;default&#8221; custom_padding_tablet=&#8221;&#8221; custom_padding_phone=&#8221;30px||30px||true|false&#8221; custom_padding_last_edited=&#8221;on|phone&#8221; global_colors_info=&#8221;{}&#8221;][et_pb_image src=&#8221;https:\/\/dimedia.pl\/wp-content\/uploads\/2024\/10\/Dimedia_30-crop-01.jpg&#8221; title_text=&#8221;Dimedia_30-crop-01&#8243; align=&#8221;center&#8221; _builder_version=&#8221;4.27.4&#8243; _module_preset=&#8221;default&#8221; hover_enabled=&#8221;0&#8243; border_radii=&#8221;on|884px|884px|884px|884px&#8221; global_colors_info=&#8221;{}&#8221; sticky_enabled=&#8221;0&#8243;][\/et_pb_image][et_pb_text _builder_version=&#8221;4.17.4&#8243; _module_preset=&#8221;default&#8221; background_layout=&#8221;dark&#8221; custom_margin=&#8221;10px||10px||true|false&#8221; global_colors_info=&#8221;{}&#8221;]<\/p>\n<h3 style=\"text-align: center;\">Krzysztof<br \/>Piekarczyk<\/h3>\n<p>[\/et_pb_text][et_pb_text _builder_version=&#8221;4.27.2&#8243; _module_preset=&#8221;default&#8221; text_font_size=&#8221;12px&#8221; background_layout=&#8221;dark&#8221; global_colors_info=&#8221;{}&#8221;]<\/p>\n<p style=\"text-align: center;\"><span style=\"font-weight: 400;\">Posiada do\u015bwiadczenie we\u00a0wsp\u00f3\u0142pracy zar\u00f3wno z\u00a0mi\u0119dzynarodowymi korporacjami, jak i\u00a0lokalnymi firmami. Na\u00a0ka\u017cde zlecenie patrzy indywidualnie, kompleksowo i\u00a0strategicznie. Dobrze czuje si\u0119 w\u00a0kierowaniu zespo\u0142em, jednocze\u015bnie b\u0119d\u0105c jego integraln\u0105 cz\u0119\u015bci\u0105. W\u00a0firmie odpowiada r\u00f3wnie\u017c za\u00a0planowanie i\u00a0finanse.<\/span><\/p>\n<p>[\/et_pb_text][\/et_pb_column][et_pb_column type=&#8221;1_3&#8243; _builder_version=&#8221;4.17.4&#8243; _module_preset=&#8221;default&#8221; custom_padding_tablet=&#8221;&#8221; custom_padding_phone=&#8221;30px||30px||true|false&#8221; custom_padding_last_edited=&#8221;on|phone&#8221; global_colors_info=&#8221;{}&#8221;][et_pb_image src=&#8221;https:\/\/dimedia.pl\/wp-content\/uploads\/2024\/10\/Dimedia_58-crop-01.jpg&#8221; title_text=&#8221;Dimedia_58-crop-01&#8243; align=&#8221;center&#8221; _builder_version=&#8221;4.27.4&#8243; _module_preset=&#8221;default&#8221; border_radii=&#8221;on|884px|884px|884px|884px&#8221; global_colors_info=&#8221;{}&#8221;][\/et_pb_image][et_pb_text _builder_version=&#8221;4.17.4&#8243; _module_preset=&#8221;default&#8221; background_layout=&#8221;dark&#8221; custom_margin=&#8221;10px||10px||true|false&#8221; global_colors_info=&#8221;{}&#8221;]<\/p>\n<h3 style=\"text-align: center;\">Natalia Podosek-<br \/>Rakoczy<\/h3>\n<p>[\/et_pb_text][et_pb_text _builder_version=&#8221;4.27.2&#8243; _module_preset=&#8221;default&#8221; text_font_size=&#8221;12px&#8221; background_layout=&#8221;dark&#8221; global_colors_info=&#8221;{}&#8221;]<\/p>\n<p style=\"text-align: center;\"><span style=\"font-weight: 400;\">Graficzka o\u00a0szerokim i\u00a0nowoczesnym spojrzeniu. Kreatywna dusza, kt\u00f3ra\u00a0uwielbia przekszta\u0142ca\u0107 pomys\u0142y w\u00a0nieszablonowe realizacje. Stale szuka \u015bwie\u017cych inspiracji. Do\u015bwiadczenie zdobywa, tworz\u0105c dla najbardziej wymagaj\u0105cych klient\u00f3w. Naczelna perfekcjonistka Dimedia \u2013 w\u00a0pracy skupiona przede wszystkim na\u00a0estetyce i\u00a0dopracowaniu ka\u017cdego detalu.<\/span><\/p>\n<p>[\/et_pb_text][\/et_pb_column][\/et_pb_row][et_pb_row column_structure=&#8221;1_3,1_3,1_3&#8243; use_custom_gutter=&#8221;on&#8221; gutter_width=&#8221;2&#8243; make_equal=&#8221;on&#8221; _builder_version=&#8221;4.27.2&#8243; _module_preset=&#8221;default&#8221; global_colors_info=&#8221;{}&#8221;][et_pb_column type=&#8221;1_3&#8243; _builder_version=&#8221;4.17.4&#8243; _module_preset=&#8221;default&#8221; custom_padding_tablet=&#8221;&#8221; custom_padding_phone=&#8221;30px||30px||true|false&#8221; custom_padding_last_edited=&#8221;on|phone&#8221; global_colors_info=&#8221;{}&#8221;][et_pb_image src=&#8221;https:\/\/dimedia.pl\/wp-content\/uploads\/2024\/10\/Dimedia_5-crop-01.jpg&#8221; title_text=&#8221;Dimedia_5-crop-01&#8243; align=&#8221;center&#8221; _builder_version=&#8221;4.27.4&#8243; _module_preset=&#8221;default&#8221; border_radii=&#8221;on|884px|884px|884px|884px&#8221; global_colors_info=&#8221;{}&#8221;][\/et_pb_image][et_pb_text _builder_version=&#8221;4.17.4&#8243; _module_preset=&#8221;default&#8221; background_layout=&#8221;dark&#8221; custom_margin=&#8221;10px||10px||true|false&#8221; global_colors_info=&#8221;{}&#8221;]<\/p>\n<h3 style=\"text-align: center;\">Szymon<br \/>Podosek<\/h3>\n<p>[\/et_pb_text][et_pb_text _builder_version=&#8221;4.27.2&#8243; _module_preset=&#8221;default&#8221; text_font_size=&#8221;12px&#8221; background_layout=&#8221;dark&#8221; global_colors_info=&#8221;{}&#8221;]<\/p>\n<p style=\"text-align: center;\"><span style=\"font-weight: 400;\">Odpowiedzialny za\u00a0logistyk\u0119 i\u00a0monta\u017ce. Od\u00a0lat zdobywa do\u015bwiadczenie, realizuj\u0105c r\u00f3\u017cnorodne zlecenia, r\u00f3wnie\u017c te\u00a0niestandardowe. Uosobienie dobrej organizacji \u2013 uwa\u017ca, \u017ce\u00a0porz\u0105dek w\u00a0pracy przynosi najlepsze efekty.<\/span><\/p>\n<p>[\/et_pb_text][\/et_pb_column][et_pb_column type=&#8221;1_3&#8243; _builder_version=&#8221;4.17.4&#8243; _module_preset=&#8221;default&#8221; custom_padding_tablet=&#8221;&#8221; custom_padding_phone=&#8221;30px||30px||true|false&#8221; custom_padding_last_edited=&#8221;on|phone&#8221; global_colors_info=&#8221;{}&#8221;][et_pb_image src=&#8221;https:\/\/dimedia.pl\/wp-content\/uploads\/2024\/10\/Dimedia_89-crop-01.jpg&#8221; title_text=&#8221;Dimedia_89-crop-01&#8243; align=&#8221;center&#8221; _builder_version=&#8221;4.27.4&#8243; _module_preset=&#8221;default&#8221; border_radii=&#8221;on|884px|884px|884px|884px&#8221; global_colors_info=&#8221;{}&#8221; src__hover_enabled=&#8221;off|hover&#8221;][\/et_pb_image][et_pb_text _builder_version=&#8221;4.17.4&#8243; _module_preset=&#8221;default&#8221; background_layout=&#8221;dark&#8221; custom_margin=&#8221;10px||10px||true|false&#8221; global_colors_info=&#8221;{}&#8221;]<\/p>\n<h3 style=\"text-align: center;\">Ma\u0142gorzata<br \/>G\u0105sior<\/h3>\n<p>[\/et_pb_text][et_pb_text _builder_version=&#8221;4.27.2&#8243; _module_preset=&#8221;default&#8221; text_font_size=&#8221;12px&#8221; background_layout=&#8221;dark&#8221; global_colors_info=&#8221;{}&#8221;]<\/p>\n<p style=\"text-align: center;\"><span style=\"font-weight: 400;\">Graficzka nieustannie rozwijaj\u0105ca sw\u00f3j warsztat. W\u00a0pracy \u0142\u0105czy pasje do\u00a0projektowania graficznego oraz\u00a0tworzenia pozytywnych do\u015bwiadcze\u0144 u\u017cytkownika (na\u00a0stronach internetowych, w\u00a0aplikacjach i\u00a0social mediach). Jej poczucie estetyki i\u00a0wszechstronne umiej\u0119tno\u015bci s\u0105\u00a0odpowiedzi\u0105 nawet na\u00a0najbardziej zaskakuj\u0105ce briefy. Skrupulatna i\u00a0terminowa. Idealne po\u0142\u0105czenie szybko\u015bci i\u00a0jako\u015bci.<\/span><\/p>\n<p>[\/et_pb_text][\/et_pb_column][et_pb_column type=&#8221;1_3&#8243; _builder_version=&#8221;4.17.4&#8243; _module_preset=&#8221;default&#8221; custom_padding_tablet=&#8221;&#8221; custom_padding_phone=&#8221;30px||30px||true|false&#8221; custom_padding_last_edited=&#8221;on|phone&#8221; global_colors_info=&#8221;{}&#8221;][et_pb_image src=&#8221;https:\/\/dimedia.pl\/wp-content\/uploads\/2024\/12\/IMG_8351-01.jpg&#8221; title_text=&#8221;IMG_8351-01&#8243; align=&#8221;center&#8221; _builder_version=&#8221;4.27.4&#8243; _module_preset=&#8221;default&#8221; border_radii=&#8221;on|884px|884px|884px|884px&#8221; global_colors_info=&#8221;{}&#8221; src__hover_enabled=&#8221;off|hover&#8221;][\/et_pb_image][et_pb_text _builder_version=&#8221;4.27.2&#8243; _module_preset=&#8221;default&#8221; background_layout=&#8221;dark&#8221; custom_margin=&#8221;10px||10px||true|false&#8221; global_colors_info=&#8221;{}&#8221;]<\/p>\n<h3 style=\"text-align: center;\">Karolina<br \/>Cendry<\/h3>\n<p>[\/et_pb_text][et_pb_text _builder_version=&#8221;4.17.4&#8243; _module_preset=&#8221;default&#8221; text_font_size=&#8221;12px&#8221; background_layout=&#8221;dark&#8221; global_colors_info=&#8221;{}&#8221;]<\/p>\n<p style=\"text-align: center;\">Copywriter i\u00a0Specjalista ds.\u00a0marketingu. Kluczowym obszarem jej specjalizacji s\u0105\u00a0social media \u2013 posiada wiedz\u0119 i\u00a0do\u015bwiadczenie, by\u00a0skutecznie wykorzystywa\u0107 je\u00a0w\u00a0komunikacji i\u00a0prowadzeniu kampanii reklamowych. Uwielbia burze m\u00f3zg\u00f3w, a\u00a0jej drugie imi\u0119 to\u00a0research \u2013 nieustannie szuka nowych rozwi\u0105za\u0144 i\u00a0zg\u0142\u0119bia marketingowe trendy. Wie, jak tworzy\u0107 teksty, kt\u00f3re dzia\u0142aj\u0105. I\u00a0pisze je\u00a0tak, \u017ce\u00a0chce si\u0119 czyta\u0107.<\/p>\n<p>[\/et_pb_text][\/et_pb_column][\/et_pb_row][\/et_pb_section]<\/p>\n","protected":false},"excerpt":{"rendered":"<p>Dlaczego my?\u00a0Patrzymy Szeroko\u00a0Komunikacj\u0119 postrzegamy jako wieloaspektowy, szeroki proces, realizowany na&nbsp;wielu polach (kampanie, media spo\u0142eczno\u015bciowe, programy spo\u0142eczne, eventy, dzia\u0142alno\u015b\u0107 wydawnicza, materia\u0142y reklamowe, gad\u017cety, film i&nbsp;fotografia), dlatego Dimedia to&nbsp;zesp\u00f3\u0142 ludzi o&nbsp;r\u00f3\u017cnorodnych kompetencjach \u2013 w&nbsp;marketingu nie&nbsp;ma&nbsp;dla nas ogranicze\u0144.\u00a0Realizujemy cele\u00a0Na rynku dzia\u0142amy od&nbsp;10 lat. Mamy na&nbsp;koncie wiele trudnych zlece\u0144: zar\u00f3wno tych pojedynczych, wymagaj\u0105cych bardzo szybkiego tempa realizacji, jak i&nbsp;opartych [&hellip;]<\/p>\n","protected":false},"author":1,"featured_media":0,"parent":0,"menu_order":0,"comment_status":"closed","ping_status":"closed","template":"","meta":{"_et_pb_use_builder":"on","_et_pb_old_content":"","_et_gb_content_width":"","footnotes":""},"class_list":["post-1554","page","type-page","status-publish","hentry"],"_links":{"self":[{"href":"https:\/\/dimedia.pl\/index.php\/wp-json\/wp\/v2\/pages\/1554","targetHints":{"allow":["GET"]}}],"collection":[{"href":"https:\/\/dimedia.pl\/index.php\/wp-json\/wp\/v2\/pages"}],"about":[{"href":"https:\/\/dimedia.pl\/index.php\/wp-json\/wp\/v2\/types\/page"}],"author":[{"embeddable":true,"href":"https:\/\/dimedia.pl\/index.php\/wp-json\/wp\/v2\/users\/1"}],"replies":[{"embeddable":true,"href":"https:\/\/dimedia.pl\/index.php\/wp-json\/wp\/v2\/comments?post=1554"}],"version-history":[{"count":23,"href":"https:\/\/dimedia.pl\/index.php\/wp-json\/wp\/v2\/pages\/1554\/revisions"}],"predecessor-version":[{"id":1883,"href":"https:\/\/dimedia.pl\/index.php\/wp-json\/wp\/v2\/pages\/1554\/revisions\/1883"}],"wp:attachment":[{"href":"https:\/\/dimedia.pl\/index.php\/wp-json\/wp\/v2\/media?parent=1554"}],"curies":[{"name":"wp","href":"https:\/\/api.w.org\/{rel}","templated":true}]}}